{"id":665,"date":"2018-09-05T19:54:04","date_gmt":"2018-09-05T18:54:04","guid":{"rendered":"https:\/\/molenbeek2024.ecolo.me\/?page_id=665"},"modified":"2024-10-11T09:41:29","modified_gmt":"2024-10-11T08:41:29","slug":"priorites","status":"publish","type":"page","link":"https:\/\/molenbeek.ecolo.be\/nl\/priorites\/","title":{"rendered":"(Fran\u00e7ais) Priorit\u00e9s"},"content":{"rendered":"<p>[et_pb_section fb_built=&#8221;1&#8243; _builder_version=&#8221;4.16&#8243; background_image=&#8221;https:\/\/molenbeek2024.ecolo.me\/wp-content\/uploads\/sites\/431\/2018\/09\/jeunes.jpg&#8221; global_colors_info=&#8221;{}&#8221;][et_pb_row _builder_version=&#8221;4.16&#8243; background_size=&#8221;initial&#8221; background_position=&#8221;top_left&#8221; background_repeat=&#8221;repeat&#8221; global_colors_info=&#8221;{}&#8221;][et_pb_column type=&#8221;4_4&#8243; _builder_version=&#8221;4.16&#8243; custom_padding=&#8221;|||&#8221; global_colors_info=&#8221;{}&#8221; custom_padding__hover=&#8221;|||&#8221;][et_pb_text admin_label=&#8221;Titre Jeunesse + \u00e9ducation&#8221; _builder_version=&#8221;4.16&#8243; header_text_color=&#8221;#ffffff&#8221; header_2_text_color=&#8221;#ffffff&#8221; background_color=&#8221;rgba(126,188,66,0.85)&#8221; custom_padding=&#8221;5px|5px|5px|5px&#8221; global_colors_info=&#8221;{}&#8221;]<\/p>\n<h1>1. Pour notre avenir et celui de nos enfants, redoublons d\u2019efforts pour l\u2019\u00e9cole et la jeunesse !<\/h1>\n<h2>Investeren in scholen en de jeugd, voor onze toekomst en die van onze kinderen!<\/h2>\n<p>[\/et_pb_text][\/et_pb_column][\/et_pb_row][et_pb_row column_structure=&#8221;1_3,1_3,1_3&#8243; _builder_version=&#8221;4.16&#8243; background_size=&#8221;initial&#8221; background_position=&#8221;top_left&#8221; background_repeat=&#8221;repeat&#8221; global_colors_info=&#8221;{}&#8221;][et_pb_column type=&#8221;1_3&#8243; _builder_version=&#8221;4.16&#8243; custom_padding=&#8221;|||&#8221; global_colors_info=&#8221;{}&#8221; custom_padding__hover=&#8221;|||&#8221;][et_pb_blurb image=&#8221;https:\/\/molenbeek2024.ecolo.me\/wp-content\/uploads\/sites\/431\/2018\/09\/icon-GE-75.png&#8221; admin_label=&#8221;50%&#8221; _builder_version=&#8221;4.16&#8243; background_color=&#8221;rgba(255,255,255,0.85)&#8221; custom_padding=&#8221;5px|5px|5px|5px&#8221; global_colors_info=&#8221;{}&#8221;]<\/p>\n<p><strong>Augmentons de 50% le budget pour l\u2019\u00e9cole<\/strong> pour financer un vrai dispositif de soutien scolaire (aide aux devoirs, rem\u00e9diation, logop\u00e9die,..) et rendre la garderie de midi gratuite tout en continuant d\u2019en am\u00e9liorer la qualit\u00e9.<\/p>\n<p>[\/et_pb_blurb][\/et_pb_column][et_pb_column type=&#8221;1_3&#8243; _builder_version=&#8221;4.16&#8243; custom_padding=&#8221;|||&#8221; global_colors_info=&#8221;{}&#8221; custom_padding__hover=&#8221;|||&#8221;][\/et_pb_column][et_pb_column type=&#8221;1_3&#8243; _builder_version=&#8221;4.16&#8243; custom_padding=&#8221;|||&#8221; global_colors_info=&#8221;{}&#8221; custom_padding__hover=&#8221;|||&#8221;][et_pb_blurb image=&#8221;https:\/\/molenbeek2024.ecolo.me\/wp-content\/uploads\/sites\/431\/2018\/09\/icon-GE-09.png&#8221; admin_label=&#8221;job \u00e9tudiant&#8221; _builder_version=&#8221;4.16&#8243; background_color=&#8221;rgba(255,255,255,0.85)&#8221; custom_padding=&#8221;5px|5px|5px|5px&#8221; global_colors_info=&#8221;{}&#8221;]<\/p>\n<p><strong>D\u00e9veloppons un plan \u00ab jobs d\u2019\u00e9tudiants \u00bb \u00e0 l\u2019administration communale et cr\u00e9ons au minimum 50 contrats d\u2019\u00e9tudiants<\/strong> dans les diff\u00e9rents services communaux avec diffusion syst\u00e9matique de ces offres vers le secteur jeunesse.<\/p>\n<p>[\/et_pb_blurb][\/et_pb_column][\/et_pb_row][et_pb_row column_structure=&#8221;1_3,1_3,1_3&#8243; _builder_version=&#8221;4.16&#8243; background_size=&#8221;initial&#8221; background_position=&#8221;top_left&#8221; background_repeat=&#8221;repeat&#8221; global_colors_info=&#8221;{}&#8221;][et_pb_column type=&#8221;1_3&#8243; _builder_version=&#8221;4.16&#8243; custom_padding=&#8221;|||&#8221; global_colors_info=&#8221;{}&#8221; custom_padding__hover=&#8221;|||&#8221;][et_pb_blurb image=&#8221;https:\/\/molenbeek2024.ecolo.me\/wp-content\/uploads\/sites\/431\/2018\/09\/icon-GE-21.png&#8221; admin_label=&#8221;12-59&#8243; _builder_version=&#8221;4.16&#8243; background_color=&#8221;rgba(255,255,255,0.85)&#8221; custom_padding=&#8221;5px|5px|5px|5px&#8221; global_colors_info=&#8221;{}&#8221;]<\/p>\n<p><strong>Renfor\u00e7ons l\u2019offre et l\u2019accompagnement pour les jeunes de 12 \u00e0 25 ans<\/strong> : augmentons les moyens pour les projets existants, soutenons les projets cr\u00e9\u00e9s par les jeunes et d\u00e9veloppons des projets sp\u00e9cifiques pour les jeunes les plus en rupture.<\/p>\n<p>[\/et_pb_blurb][\/et_pb_column][et_pb_column type=&#8221;1_3&#8243; _builder_version=&#8221;4.16&#8243; custom_padding=&#8221;|||&#8221; global_colors_info=&#8221;{}&#8221; custom_padding__hover=&#8221;|||&#8221;][et_pb_blurb image=&#8221;https:\/\/molenbeek2024.ecolo.me\/wp-content\/uploads\/sites\/431\/2018\/09\/icon-GE-69.png&#8221; admin_label=&#8221;tweetalig&#8221; _builder_version=&#8221;4.16&#8243; background_color=&#8221;rgba(255,255,255,0.85)&#8221; custom_margin=&#8221;0px|0px|0px|0px&#8221; custom_padding=&#8221;5px|5px|5px|5px&#8221; border_radii=&#8221;on|0px|0px|0px|0px&#8221; global_colors_info=&#8221;{}&#8221;]<\/p>\n<p>Samen met de opvoedingsteams van twee gemeentescholen (een Nederlandstalige en een Franstalige) <strong>een tweetalige school<\/strong> en een basisschool met actieve pedagogie oprichten.<\/p>\n<p>[\/et_pb_blurb][\/et_pb_column][et_pb_column type=&#8221;1_3&#8243; _builder_version=&#8221;4.16&#8243; custom_padding=&#8221;|||&#8221; global_colors_info=&#8221;{}&#8221; custom_padding__hover=&#8221;|||&#8221;][et_pb_blurb image=&#8221;https:\/\/molenbeek2024.ecolo.me\/wp-content\/uploads\/sites\/431\/2018\/09\/icon-GE-120.png&#8221; admin_label=&#8221;500 places&#8221; _builder_version=&#8221;4.16&#8243; background_color=&#8221;rgba(255,255,255,0.85)&#8221; custom_padding=&#8221;5px|5px|5px|5px&#8221; global_colors_info=&#8221;{}&#8221;]<\/p>\n<p><strong>500 nieuwe plaatsen in kinderdagverblijven cre\u00ebren<\/strong> tegen 2030, <strong>projecten voor de opvang van kinderen (en hun ouders)<\/strong> die niet naar een kinderdagverblijf gaan en <strong>buitenschoolse activiteiten voor kinderen tussen 3 en 6 jaar<\/strong> ontwikkelen.<\/p>\n<p>[\/et_pb_blurb][\/et_pb_column][\/et_pb_row][\/et_pb_section][et_pb_section fb_built=&#8221;1&#8243; _builder_version=&#8221;4.16&#8243; background_image=&#8221;https:\/\/molenbeek2024.ecolo.me\/wp-content\/uploads\/sites\/431\/2018\/09\/IMG_20180512_142455.jpg&#8221; global_colors_info=&#8221;{}&#8221;][et_pb_row _builder_version=&#8221;4.16&#8243; background_size=&#8221;initial&#8221; background_position=&#8221;top_left&#8221; background_repeat=&#8221;repeat&#8221; global_colors_info=&#8221;{}&#8221;][et_pb_column type=&#8221;4_4&#8243; _builder_version=&#8221;4.16&#8243; custom_padding=&#8221;|||&#8221; global_colors_info=&#8221;{}&#8221; custom_padding__hover=&#8221;|||&#8221;][et_pb_text admin_label=&#8221;Titre &#8211; Vert Propre&#8221; _builder_version=&#8221;4.16&#8243; header_text_color=&#8221;#ffffff&#8221; header_2_text_color=&#8221;#ffffff&#8221; background_color=&#8221;rgba(126,188,66,0.85)&#8221; custom_padding=&#8221;5px|5px|5px|5px&#8221; global_colors_info=&#8221;{}&#8221;]<\/p>\n<h1>2. Molenbeek verte et propre !<\/h1>\n<h2>Een groene en propere gemeente!<\/h2>\n<p>[\/et_pb_text][\/et_pb_column][\/et_pb_row][et_pb_row column_structure=&#8221;1_4,1_4,1_4,1_4&#8243; _builder_version=&#8221;4.16&#8243; background_size=&#8221;initial&#8221; background_position=&#8221;top_left&#8221; background_repeat=&#8221;repeat&#8221; global_colors_info=&#8221;{}&#8221;][et_pb_column type=&#8221;1_4&#8243; _builder_version=&#8221;4.16&#8243; custom_padding=&#8221;|||&#8221; global_colors_info=&#8221;{}&#8221; custom_padding__hover=&#8221;|||&#8221;][et_pb_blurb image=&#8221;https:\/\/molenbeek2024.ecolo.me\/wp-content\/uploads\/sites\/431\/2018\/09\/icon-GE-60.png&#8221; admin_label=&#8221;Propre&#8221; _builder_version=&#8221;4.16&#8243; background_color=&#8221;rgba(255,255,255,0.85)&#8221; custom_padding=&#8221;5px|5px|5px|5px&#8221; global_colors_info=&#8221;{}&#8221;]<\/p>\n<p><strong>Une commune plus propre !<\/strong> Travaillons avec les habitants et d\u00e9signons des ambassadeurs propret\u00e9 pour sensibiliser les citoyens. G\u00e9n\u00e9ralisons les poubelles publiques de tri s\u00e9lectif. R\u00e9organisons la collecte des encombrants \u00e0 domicile et le nettoyage de rues les week-end.<\/p>\n<p>[\/et_pb_blurb][\/et_pb_column][et_pb_column type=&#8221;1_4&#8243; _builder_version=&#8221;4.16&#8243; custom_padding=&#8221;|||&#8221; global_colors_info=&#8221;{}&#8221; custom_padding__hover=&#8221;|||&#8221;][et_pb_blurb image=&#8221;https:\/\/molenbeek2024.ecolo.me\/wp-content\/uploads\/sites\/431\/2018\/09\/icon-GE-48.png&#8221; admin_label=&#8221;huisVanNatuur&#8221; _builder_version=&#8221;4.16&#8243; background_color=&#8221;rgba(255,255,255,0.85)&#8221; custom_margin=&#8221;0px|0px|0px|0px&#8221; custom_padding=&#8221;5px|5px|5px|5px&#8221; border_radii=&#8221;on|0px|0px|0px|0px&#8221; global_colors_info=&#8221;{}&#8221;]<\/p>\n<p><strong>Het Huis van de Natuur moet het hart zijn van de ecologische transitie :<\/strong> een bron van activiteiten en instrumenten om klein en groot bewust te maken rond de vermindering van de ecologische voetafdruk op het vlak van energie, voeding, water, luchtkwaliteit, afvalbeheer, zachte mobiliteit, enz. kortom, alle kleine dingen die we kunnen veranderen om ons dagelijkse leven te verbeteren.<\/p>\n<p>[\/et_pb_blurb][\/et_pb_column][et_pb_column type=&#8221;1_4&#8243; _builder_version=&#8221;4.16&#8243; custom_padding=&#8221;|||&#8221; global_colors_info=&#8221;{}&#8221; custom_padding__hover=&#8221;|||&#8221;][et_pb_blurb image=&#8221;https:\/\/molenbeek2024.ecolo.me\/wp-content\/uploads\/sites\/431\/2018\/09\/icon-GE-30.png&#8221; admin_label=&#8221;ChatsChiens&#8221; _builder_version=&#8221;4.16&#8243; background_color=&#8221;rgba(255,255,255,0.85)&#8221; custom_padding=&#8221;5px|5px|5px|5px&#8221; global_colors_info=&#8221;{}&#8221;]<\/p>\n<p><strong>Chiens, chats et autres petits compagnons, domestiques ou non, m\u00e9ritent de l\u2019attention.<\/strong> Plus de sensibilisation et plus d\u2019information doivent \u00eatre d\u00e9velopp\u00e9es dans les \u00e9coles et aupr\u00e8s du grand public. Autorisons aussi les animaux domestiques dans les logements publics et les maisons de repos.<\/p>\n<p>[\/et_pb_blurb][\/et_pb_column][et_pb_column type=&#8221;1_4&#8243; _builder_version=&#8221;4.16&#8243; custom_padding=&#8221;|||&#8221; global_colors_info=&#8221;{}&#8221; custom_padding__hover=&#8221;|||&#8221;][et_pb_blurb image=&#8221;https:\/\/molenbeek2024.ecolo.me\/wp-content\/uploads\/sites\/431\/2018\/09\/icon-GE-99.png&#8221; admin_label=&#8221;espaces verts&#8221; _builder_version=&#8221;4.16&#8243; background_color=&#8221;rgba(255,255,255,0.85)&#8221; custom_padding=&#8221;5px|5px|5px|5px&#8221; global_colors_info=&#8221;{}&#8221;]<\/p>\n<p><strong>Plus d\u2019espaces verts :<\/strong> plus d\u2019arbres, de pelouses, de plantes, de potagers, de parcs sur les places, sur les friches, au coin des rues, sur les fa\u00e7ades et les toitures et m\u00eame en int\u00e9rieur d\u2019\u00eelots. Les solutions ne manquent pas, mettons-les en \u0153uvre !<\/p>\n<p>[\/et_pb_blurb][\/et_pb_column][\/et_pb_row][\/et_pb_section][et_pb_section fb_built=&#8221;1&#8243; _builder_version=&#8221;4.16&#8243; background_image=&#8221;https:\/\/molenbeek2024.ecolo.me\/wp-content\/uploads\/sites\/431\/2018\/09\/Place-soir-2.jpg&#8221; global_colors_info=&#8221;{}&#8221;][et_pb_row _builder_version=&#8221;4.16&#8243; background_size=&#8221;initial&#8221; background_position=&#8221;top_left&#8221; background_repeat=&#8221;repeat&#8221; global_colors_info=&#8221;{}&#8221;][et_pb_column type=&#8221;4_4&#8243; _builder_version=&#8221;4.16&#8243; custom_padding=&#8221;|||&#8221; global_colors_info=&#8221;{}&#8221; custom_padding__hover=&#8221;|||&#8221;][et_pb_text admin_label=&#8221;Titre &#8211; Emploi&#8221; _builder_version=&#8221;4.16&#8243; header_text_color=&#8221;#ffffff&#8221; header_2_text_color=&#8221;#ffffff&#8221; background_color=&#8221;rgba(126,188,66,0.85)&#8221; custom_padding=&#8221;5px|5px|5px|5px&#8221; global_colors_info=&#8221;{}&#8221;]<\/p>\n<h1>3. Agissons pour l\u2019emploi et l\u2019\u00e9conomie locale<\/h1>\n<h2>Acties om de werkgelegenheid en de plaatselijke economie te bevorderen<\/h2>\n<p>[\/et_pb_text][\/et_pb_column][\/et_pb_row][et_pb_row column_structure=&#8221;1_4,1_4,1_4,1_4&#8243; _builder_version=&#8221;4.16&#8243; background_size=&#8221;initial&#8221; background_position=&#8221;top_left&#8221; background_repeat=&#8221;repeat&#8221; global_colors_info=&#8221;{}&#8221;][et_pb_column type=&#8221;1_4&#8243; _builder_version=&#8221;4.16&#8243; custom_padding=&#8221;|||&#8221; global_colors_info=&#8221;{}&#8221; custom_padding__hover=&#8221;|||&#8221;][et_pb_blurb image=&#8221;https:\/\/molenbeek2024.ecolo.me\/wp-content\/uploads\/sites\/431\/2018\/09\/icon-GE-90.png&#8221; admin_label=&#8221;\u00e9conomie sociale&#8221; _builder_version=&#8221;4.16&#8243; background_color=&#8221;rgba(255,255,255,0.85)&#8221; custom_padding=&#8221;5px|5px|5px|5px&#8221; global_colors_info=&#8221;{}&#8221;]<\/p>\n<p><strong>D\u00e9veloppons des fili\u00e8res d\u2019\u00e9conomie sociale cr\u00e9atrices d\u2019emploi et utiles pour la commune :<\/strong> une ressourcerie- d\u00e9chetterie associ\u00e9e \u00e0 des ateliers de r\u00e9paration, un service de maintenance des installations photovolta\u00efques ou encore une cuisine communale pour fournir les repas aux \u00e9coles.<\/p>\n<p>[\/et_pb_blurb][\/et_pb_column][et_pb_column type=&#8221;1_4&#8243; _builder_version=&#8221;4.16&#8243; custom_padding=&#8221;|||&#8221; global_colors_info=&#8221;{}&#8221; custom_padding__hover=&#8221;|||&#8221;][et_pb_blurb image=&#8221;https:\/\/molenbeek2024.ecolo.me\/wp-content\/uploads\/sites\/431\/2018\/09\/icon-GE-12.png&#8221; admin_label=&#8221;professionele inschakeling&#8221; _builder_version=&#8221;4.16&#8243; background_color=&#8221;rgba(255,255,255,0.85)&#8221; custom_margin=&#8221;0px|0px|0px|0px&#8221; custom_padding=&#8221;5px|5px|5px|5px&#8221; border_radii=&#8221;on|0px|0px|0px|0px&#8221; global_colors_info=&#8221;{}&#8221;]<\/p>\n<p><strong>Een ambitieus plan opstellen voor professionele inschakeling en opleiding:<\/strong> een proactieve begeleiding van werkzoekenden, workshops om actief zoekgedrag naar werk te bevorderen, meer opleidingen voor knelpuntberoepen en\/of beroepen ten dienste van de stad.<\/p>\n<p>[\/et_pb_blurb][\/et_pb_column][et_pb_column type=&#8221;1_4&#8243; _builder_version=&#8221;4.16&#8243; custom_padding=&#8221;|||&#8221; global_colors_info=&#8221;{}&#8221; custom_padding__hover=&#8221;|||&#8221;][et_pb_blurb image=&#8221;https:\/\/molenbeek2024.ecolo.me\/wp-content\/uploads\/sites\/431\/2018\/09\/icon-GE-09.png&#8221; admin_label=&#8221;guichet&#8221; _builder_version=&#8221;4.16&#8243; background_color=&#8221;rgba(255,255,255,0.85)&#8221; custom_padding=&#8221;5px|5px|5px|5px&#8221; global_colors_info=&#8221;{}&#8221;]<\/p>\n<p>Mettons en place <strong>un guichet de lutte contre les discriminations, qui accompagnera les personnes discrimin\u00e9es<\/strong>, jouera un r\u00f4le proactif de sensibilisation aupr\u00e8s des employeurs et permettra \u00e0 l\u2019administration communale de devenir exemplaire.<\/p>\n<p>[\/et_pb_blurb][\/et_pb_column][et_pb_column type=&#8221;1_4&#8243; _builder_version=&#8221;4.16&#8243; custom_padding=&#8221;|||&#8221; global_colors_info=&#8221;{}&#8221; custom_padding__hover=&#8221;|||&#8221;][et_pb_blurb image=&#8221;https:\/\/molenbeek2024.ecolo.me\/wp-content\/uploads\/sites\/431\/2018\/09\/icon-GE-18.png&#8221; admin_label=&#8221;touristique &#8221; _builder_version=&#8221;4.16&#8243; background_color=&#8221;rgba(255,255,255,0.85)&#8221; custom_padding=&#8221;5px|5px|5px|5px&#8221; global_colors_info=&#8221;{}&#8221;]<\/p>\n<p>De plaatselijke handelszaken opwaarderen via originele acties zoals de invoering van <strong>een kwaliteitslabel en toeristische rondleidingen om de commerci\u00eble en culturele troeven van de gemeente<\/strong> onder de aandacht te brengen.<\/p>\n<p>[\/et_pb_blurb][et_pb_blurb image=&#8221;https:\/\/molenbeek2024.ecolo.me\/wp-content\/uploads\/sites\/431\/2018\/09\/icon-GE-84.png&#8221; admin_label=&#8221;march\u00e9Bio &#8221; _builder_version=&#8221;4.16&#8243; background_color=&#8221;rgba(255,255,255,0.85)&#8221; custom_padding=&#8221;5px|5px|5px|5px&#8221; global_colors_info=&#8221;{}&#8221;]<\/p>\n<p>Nous voulons d\u00e9velopper <strong>un march\u00e9 bio, un march\u00e9 de bouquinistes au canal, faire revivre la brasserie au Ch\u00e2teau du Karreveld et ouvrir un mini-camping<\/strong> pr\u00e8s du Scheutbos !<\/p>\n<p>[\/et_pb_blurb][\/et_pb_column][\/et_pb_row][\/et_pb_section][et_pb_section fb_built=&#8221;1&#8243; _builder_version=&#8221;4.16&#8243; background_image=&#8221;https:\/\/molenbeek2024.ecolo.me\/wp-content\/uploads\/sites\/431\/2018\/09\/moinsdevoiture.jpg&#8221; global_colors_info=&#8221;{}&#8221;][et_pb_row _builder_version=&#8221;4.16&#8243; background_size=&#8221;initial&#8221; background_position=&#8221;top_left&#8221; background_repeat=&#8221;repeat&#8221; global_colors_info=&#8221;{}&#8221;][et_pb_column type=&#8221;4_4&#8243; _builder_version=&#8221;4.16&#8243; custom_padding=&#8221;|||&#8221; global_colors_info=&#8221;{}&#8221; custom_padding__hover=&#8221;|||&#8221;][et_pb_text admin_label=&#8221;Titre &#8211; Mobilit\u00e9&#8221; _builder_version=&#8221;4.16&#8243; header_text_color=&#8221;#ffffff&#8221; header_2_text_color=&#8221;#ffffff&#8221; background_color=&#8221;rgba(126,188,66,0.85)&#8221; custom_padding=&#8221;5px|5px|5px|5px&#8221; global_colors_info=&#8221;{}&#8221;]<\/p>\n<h1>4. Molenbeek respirable et mobile\u00a0!<\/h1>\n<h2>Propere lucht en zachte mobiliteit in Molenbeek!<\/h2>\n<p>[\/et_pb_text][\/et_pb_column][\/et_pb_row][et_pb_row column_structure=&#8221;1_4,1_4,1_4,1_4&#8243; _builder_version=&#8221;4.16&#8243; background_size=&#8221;initial&#8221; background_position=&#8221;top_left&#8221; background_repeat=&#8221;repeat&#8221; global_colors_info=&#8221;{}&#8221;][et_pb_column type=&#8221;1_4&#8243; _builder_version=&#8221;4.16&#8243; custom_padding=&#8221;|||&#8221; global_colors_info=&#8221;{}&#8221; custom_padding__hover=&#8221;|||&#8221;][et_pb_blurb image=&#8221;https:\/\/molenbeek2024.ecolo.me\/wp-content\/uploads\/sites\/431\/2018\/09\/icon-GE-51.png&#8221; admin_label=&#8221;Plan communal&#8221; _builder_version=&#8221;4.16&#8243; background_color=&#8221;rgba(255,255,255,0.85)&#8221; custom_padding=&#8221;5px|5px|5px|5px&#8221; global_colors_info=&#8221;{}&#8221;]<\/p>\n<p><strong>Enfin un Plan communal de mobilit\u00e9<\/strong> pour optimiser la circulation des Molenbeekois tout en assurant la s\u00e9curit\u00e9 des enfants, des pi\u00e9tons et des cyclistes. En 5 ans, il devra am\u00e9liorer la qualit\u00e9 de l\u2019air et la convivialit\u00e9 dans les quartiers.<\/p>\n<p>[\/et_pb_blurb][\/et_pb_column][et_pb_column type=&#8221;1_4&#8243; _builder_version=&#8221;4.16&#8243; custom_padding=&#8221;|||&#8221; global_colors_info=&#8221;{}&#8221; custom_padding__hover=&#8221;|||&#8221;][et_pb_blurb image=&#8221;https:\/\/molenbeek2024.ecolo.me\/wp-content\/uploads\/sites\/431\/2018\/09\/icon-GE-12.png&#8221; admin_label=&#8221;zone 30&#8243; _builder_version=&#8221;4.16&#8243; background_color=&#8221;rgba(255,255,255,0.85)&#8221; custom_margin=&#8221;0px|0px|0px|0px&#8221; custom_padding=&#8221;5px|5px|5px|5px&#8221; border_radii=&#8221;on|0px|0px|0px|0px&#8221; global_colors_info=&#8221;{}&#8221;]<\/p>\n<p><strong>Molenbeek, waar kinderen zich goed voelen.<\/strong> De gemeentelijke wegen tot zone 30 omvormen. De omgeving van de scholen veiliger maken en schoolrijen te voet, met de fiets of de bus organiseren. Zachte mobiliteit in het onderwijs aan bod laten komen: fietslessen, deelname aan de Week van de Mobiliteit, meer fietsenstallingen voor de gebouwen.<\/p>\n<p>[\/et_pb_blurb][\/et_pb_column][et_pb_column type=&#8221;1_4&#8243; _builder_version=&#8221;4.16&#8243; custom_padding=&#8221;|||&#8221; global_colors_info=&#8221;{}&#8221; custom_padding__hover=&#8221;|||&#8221;][et_pb_blurb image=&#8221;https:\/\/molenbeek2024.ecolo.me\/wp-content\/uploads\/sites\/431\/2018\/09\/icon-GE-117.png&#8221; admin_label=&#8221;v\u00e9lo&#8221; _builder_version=&#8221;4.16&#8243; background_color=&#8221;rgba(255,255,255,0.85)&#8221; custom_padding=&#8221;5px|5px|5px|5px&#8221; global_colors_info=&#8221;{}&#8221;]<\/p>\n<p><strong>Impulsons une politique volontariste en faveur du v\u00e9lo<\/strong> avec des pistes cyclables s\u00fbres et des stationnements v\u00e9los en suffisance, des brigades cyclistes \u00e0 la police et chez les gardiens de la paix. Soutenons l\u2019ouverture d\u2019ateliers de r\u00e9paration.<\/p>\n<p>[\/et_pb_blurb][\/et_pb_column][et_pb_column type=&#8221;1_4&#8243; _builder_version=&#8221;4.16&#8243; custom_padding=&#8221;|||&#8221; global_colors_info=&#8221;{}&#8221; custom_padding__hover=&#8221;|||&#8221;][et_pb_blurb image=&#8221;https:\/\/molenbeek2024.ecolo.me\/wp-content\/uploads\/sites\/431\/2018\/09\/icon-GE-111.png&#8221; admin_label=&#8221;parking&#8221; _builder_version=&#8221;4.16&#8243; background_color=&#8221;rgba(255,255,255,0.85)&#8221; custom_padding=&#8221;5px|5px|5px|5px&#8221; global_colors_info=&#8221;{}&#8221;]<\/p>\n<p><strong>D\u00e9veloppons le parking hors voirie pour les riverains en mobilisant les parkings<\/strong> des grandes surfaces et bureaux le soir, la nuit et le week-end.<\/p>\n<p>[\/et_pb_blurb][et_pb_blurb image=&#8221;https:\/\/molenbeek2024.ecolo.me\/wp-content\/uploads\/sites\/431\/2018\/09\/icon-GE-39.png&#8221; admin_label=&#8221;bus &#8221; _builder_version=&#8221;4.16&#8243; background_color=&#8221;rgba(255,255,255,0.85)&#8221; custom_padding=&#8221;5px|5px|5px|5px&#8221; global_colors_info=&#8221;{}&#8221;]<\/p>\n<p><strong>Het openbaar vervoer in onze gemeente nog effici\u00ebnter en aantrekkelijk maken<\/strong>. De verbindingen binnen onze gemeente verbeteren, zoals tussen het Scheutbospark en het gemeenteplein.<\/p>\n<p>[\/et_pb_blurb][\/et_pb_column][\/et_pb_row][\/et_pb_section][et_pb_section fb_built=&#8221;1&#8243; _builder_version=&#8221;4.16&#8243; background_image=&#8221;https:\/\/molenbeek2024.ecolo.me\/wp-content\/uploads\/sites\/431\/2018\/09\/vivre-ensemble-2.jpg&#8221; global_colors_info=&#8221;{}&#8221;][et_pb_row _builder_version=&#8221;4.16&#8243; background_size=&#8221;initial&#8221; background_position=&#8221;top_left&#8221; background_repeat=&#8221;repeat&#8221; global_colors_info=&#8221;{}&#8221;][et_pb_column type=&#8221;4_4&#8243; _builder_version=&#8221;4.16&#8243; custom_padding=&#8221;|||&#8221; global_colors_info=&#8221;{}&#8221; custom_padding__hover=&#8221;|||&#8221;][et_pb_text admin_label=&#8221;5- Titre &#8211; Action sociale&#8221; _builder_version=&#8221;4.16&#8243; header_text_color=&#8221;#ffffff&#8221; header_2_text_color=&#8221;#ffffff&#8221; background_color=&#8221;rgba(126,188,66,0.85)&#8221; custom_padding=&#8221;5px|5px|5px|5px&#8221; global_colors_info=&#8221;{}&#8221;]<\/p>\n<h1>5. Une soci\u00e9t\u00e9 inclusive ou chacun vit dignement !<\/h1>\n<h2>Een inclusieve maatschappij met een menswaardig leven voor iedereen<\/h2>\n<p>[\/et_pb_text][\/et_pb_column][\/et_pb_row][et_pb_row column_structure=&#8221;1_4,1_4,1_4,1_4&#8243; _builder_version=&#8221;4.16&#8243; background_size=&#8221;initial&#8221; background_position=&#8221;top_left&#8221; background_repeat=&#8221;repeat&#8221; global_colors_info=&#8221;{}&#8221;][et_pb_column type=&#8221;1_4&#8243; _builder_version=&#8221;4.16&#8243; custom_padding=&#8221;|||&#8221; global_colors_info=&#8221;{}&#8221; custom_padding__hover=&#8221;|||&#8221;][et_pb_blurb image=&#8221;https:\/\/molenbeek2024.ecolo.me\/wp-content\/uploads\/sites\/431\/2018\/09\/icon-GE-57.png&#8221; admin_label=&#8221;pauvret\u00e9&#8221; _builder_version=&#8221;4.16&#8243; background_color=&#8221;rgba(255,255,255,0.85)&#8221; custom_padding=&#8221;5px|5px|5px|5px&#8221; global_colors_info=&#8221;{}&#8221;]<\/p>\n<p>D\u00e9veloppons ensemble, commune et CPAS, <strong>un plan d\u2019actions concr\u00e8tes de lutte contre la pauvret\u00e9 et renfor\u00e7ons les \u00e9quipes et les budgets des services de premi\u00e8re ligne<\/strong> qui accompagnent les publics fragilis\u00e9s.<\/p>\n<p>[\/et_pb_blurb][\/et_pb_column][et_pb_column type=&#8221;1_4&#8243; _builder_version=&#8221;4.16&#8243; custom_padding=&#8221;|||&#8221; global_colors_info=&#8221;{}&#8221; custom_padding__hover=&#8221;|||&#8221;][et_pb_blurb image=&#8221;https:\/\/molenbeek2024.ecolo.me\/wp-content\/uploads\/sites\/431\/2018\/09\/icon-GE-69.png&#8221; admin_label=&#8221;Conseil Femmes&#8221; _builder_version=&#8221;4.16&#8243; background_color=&#8221;rgba(255,255,255,0.85)&#8221; custom_margin=&#8221;0px|0px|0px|0px&#8221; custom_padding=&#8221;5px|5px|5px|5px&#8221; border_radii=&#8221;on|0px|0px|0px|0px&#8221; global_colors_info=&#8221;{}&#8221;]<\/p>\n<p><strong>Cr\u00e9ons un Conseil des femmes<\/strong> : \u00e9change d\u2019exp\u00e9riences, mise en place d\u2019actions et de revendications \u00e0 destination des pouvoirs publics notamment sur l\u2019insertion professionnelle, les violences intrafamiliales ou la (r\u00e9)appropriation des espaces publics par les femmes.<\/p>\n<p>[\/et_pb_blurb][\/et_pb_column][et_pb_column type=&#8221;1_4&#8243; _builder_version=&#8221;4.16&#8243; custom_padding=&#8221;|||&#8221; global_colors_info=&#8221;{}&#8221; custom_padding__hover=&#8221;|||&#8221;][et_pb_blurb image=&#8221;https:\/\/molenbeek2024.ecolo.me\/wp-content\/uploads\/sites\/431\/2018\/09\/icon-GE-42.png&#8221; admin_label=&#8221;comit\u00e9 de quartier&#8221; _builder_version=&#8221;4.16&#8243; background_color=&#8221;rgba(255,255,255,0.85)&#8221; custom_padding=&#8221;5px|5px|5px|5px&#8221; global_colors_info=&#8221;{}&#8221;]<\/p>\n<p><strong>Burgerinitiatieven en buurtcomit\u00e9s aanmoedigen<\/strong> en in elke wijk een gemeenschappelijke ruimte ter beschikking stellen. Wijkvergaderingen organiseren die in permanente dialoog staan met het gemeentebestuur.<\/p>\n<p>[\/et_pb_blurb][\/et_pb_column][et_pb_column type=&#8221;1_4&#8243; _builder_version=&#8221;4.16&#8243; custom_padding=&#8221;|||&#8221; global_colors_info=&#8221;{}&#8221; custom_padding__hover=&#8221;|||&#8221;][et_pb_blurb image=&#8221;https:\/\/molenbeek2024.ecolo.me\/wp-content\/uploads\/sites\/431\/2018\/09\/icon-GE-21.png&#8221; admin_label=&#8221;drogue&#8221; _builder_version=&#8221;4.16&#8243; background_color=&#8221;rgba(255,255,255,0.85)&#8221; custom_padding=&#8221;5px|5px|5px|5px&#8221; global_colors_info=&#8221;{}&#8221;]<\/p>\n<p>Pour diminuer la demande et lib\u00e9rer l\u2019espace public, <strong>ouvrons enfin une salle de consommation et de soins pour les usagers de drogues \u00e0 Ribaucourt<\/strong>. Renfor\u00e7ons les initiatives existantes en mati\u00e8re de sensibilisation, de pr\u00e9vention aux assu\u00e9tudes et de r\u00e9duction des risques.<\/p>\n<p>[\/et_pb_blurb][et_pb_blurb image=&#8221;https:\/\/molenbeek2024.ecolo.me\/wp-content\/uploads\/sites\/431\/2018\/09\/icon-GE-120.png&#8221; admin_label=&#8221;cours de NL &#8221; _builder_version=&#8221;4.16&#8243; background_color=&#8221;rgba(255,255,255,0.85)&#8221; custom_padding=&#8221;5px|5px|5px|5px&#8221; global_colors_info=&#8221;{}&#8221;]<\/p>\n<p><strong>Meer taallessen in het Nederlands en het Frans<\/strong>, maar ook cursussen in de taal van het land van herkomst. De oorspronkelijke cultuur opwaarderen is een van de hoekstenen van een inclusieve maatschappij.<\/p>\n<p>[\/et_pb_blurb][\/et_pb_column][\/et_pb_row][\/et_pb_section][et_pb_section fb_built=&#8221;1&#8243; _builder_version=&#8221;4.16&#8243; background_color=&#8221;#edf000&#8243; global_colors_info=&#8221;{}&#8221;][et_pb_row column_structure=&#8221;1_3,1_3,1_3&#8243; _builder_version=&#8221;4.16&#8243; global_colors_info=&#8221;{}&#8221;][et_pb_column type=&#8221;1_3&#8243; _builder_version=&#8221;4.16&#8243; custom_padding=&#8221;|||&#8221; global_colors_info=&#8221;{}&#8221; custom_padding__hover=&#8221;|||&#8221;][et_pb_blurb title=&#8221;Logement&#8221; image=&#8221;https:\/\/molenbeek2024.ecolo.me\/wp-content\/uploads\/sites\/431\/2018\/09\/icon-GE-90.png&#8221; admin_label=&#8221;Logement&#8221; _builder_version=&#8221;4.16&#8243; background_color=&#8221;rgba(255,255,255,0.85)&#8221; custom_padding=&#8221;5px|5px|5px|5px&#8221; global_colors_info=&#8221;{}&#8221;]<\/p>\n<p lang=\"fr-BE\">Poursuivons la construction de 850 logements publics pour atteindre 20% de logements publics en 2024. Am\u00e9liorons la gestion du Logement Molenbeekois, l\u2019accueil et la communication avec les locataires et r\u00e9novons plus rapidement le b\u00e2ti. Ouvrons un habitat solidaire et participatif, Community Land Trust, par quartier.<\/p>\n<p>[\/et_pb_blurb][et_pb_blurb title=&#8221;Sport&#8221; image=&#8221;https:\/\/molenbeek2024.ecolo.me\/wp-content\/uploads\/sites\/431\/2018\/09\/icon-GE-117.png&#8221; admin_label=&#8221;Sport&#8221; _builder_version=&#8221;4.16&#8243; background_color=&#8221;rgba(255,255,255,0.85)&#8221; custom_padding=&#8221;5px|5px|5px|5px&#8221; global_colors_info=&#8221;{}&#8221;]<\/p>\n<p lang=\"fr-BE\">Ouvrons une maison des sports pour promouvoir les sports dans leur diversit\u00e9 et aupr\u00e8s de tous les publics. Multiplions le mobilier urbain sportif dans les espaces publics \u00e0 destination de tous les publics.<\/p>\n<p>[\/et_pb_blurb][\/et_pb_column][et_pb_column type=&#8221;1_3&#8243; _builder_version=&#8221;4.16&#8243; custom_padding=&#8221;|||&#8221; global_colors_info=&#8221;{}&#8221; custom_padding__hover=&#8221;|||&#8221;][et_pb_blurb title=&#8221;Gezondheid&#8221; image=&#8221;https:\/\/molenbeek2024.ecolo.me\/wp-content\/uploads\/sites\/431\/2018\/09\/icon-GE-57-1.png&#8221; admin_label=&#8221;Gezondheid&#8221; _builder_version=&#8221;4.16&#8243; background_color=&#8221;rgba(255,255,255,0.85)&#8221; custom_padding=&#8221;5px|5px|5px|5px&#8221; global_colors_info=&#8221;{}&#8221;]<\/p>\n<p lang=\"en-US\">Een stand van zaken van de gezondheidskwesties in Molenbeek en een gezondheidsactieplan opmaken. Ondersteuning bieden aan gezondheidswerkers in gemeenschapscentra. Binnen het gemeentebestuur een referentiepersoon aanduiden inzake handicaps.<\/p>\n<p>[\/et_pb_blurb][et_pb_blurb title=&#8221;Veilingheid&#8221; image=&#8221;https:\/\/molenbeek2024.ecolo.me\/wp-content\/uploads\/sites\/431\/2018\/09\/icon-GE-72.png&#8221; admin_label=&#8221;Gezondheid&#8221; _builder_version=&#8221;4.16&#8243; background_color=&#8221;rgba(255,255,255,0.85)&#8221; custom_padding=&#8221;5px|5px|5px|5px&#8221; global_colors_info=&#8221;{}&#8221;]<\/p>\n<p lang=\"fr-BE\">Politieagenten die dichter bij de Molenbekenaars staan. De wijkcommissariaten versterken en, met als prioriteit, de strijd tegen onburgerlijk gedrag en de smokkel van hard drugs.<\/p>\n<p>[\/et_pb_blurb][\/et_pb_column][et_pb_column type=&#8221;1_3&#8243; _builder_version=&#8221;4.16&#8243; custom_padding=&#8221;|||&#8221; global_colors_info=&#8221;{}&#8221; custom_padding__hover=&#8221;|||&#8221;][et_pb_blurb title=&#8221;Culture&#8221; image=&#8221;https:\/\/molenbeek2024.ecolo.me\/wp-content\/uploads\/sites\/431\/2018\/09\/icon-GE-15.png&#8221; admin_label=&#8221;Culture&#8221; _builder_version=&#8221;4.16&#8243; background_color=&#8221;rgba(255,255,255,0.85)&#8221; custom_padding=&#8221;5px|5px|5px|5px&#8221; global_colors_info=&#8221;{}&#8221;]<\/p>\n<p lang=\"fr-BE\">Rendons la culture plus accessible avec une carte Culture qui donnera acc\u00e8s aux institutions culturelles molenbeekoises. Faisons sortir la Culture de ses murs via un parcours d\u2019artiste, une occupation artistique r\u00e9guli\u00e8re des espaces publics et une biblioth\u00e8que ambulante. Ouvrons un cin\u00e9ma associatif.<\/p>\n<p>[\/et_pb_blurb][et_pb_blurb title=&#8221;Seniors&#8221; image=&#8221;https:\/\/molenbeek2024.ecolo.me\/wp-content\/uploads\/sites\/431\/2018\/09\/icon-GE-69.png&#8221; admin_label=&#8221;Seniors&#8221; _builder_version=&#8221;4.16&#8243; background_color=&#8221;rgba(255,255,255,0.85)&#8221; custom_padding=&#8221;5px|5px|5px|5px&#8221; global_colors_info=&#8221;{}&#8221;]<\/p>\n<p lang=\"fr-BE\">Diversifions les activit\u00e9s propos\u00e9es et rendons les accessibles \u00e0 tous les seniors avec un point d\u2019attention pour les seniors issus de l\u2019immigration, trop peu touch\u00e9s pour l\u2019instant.<\/p>\n<p>[\/et_pb_blurb][\/et_pb_column][\/et_pb_row][\/et_pb_section][et_pb_section fb_built=&#8221;1&#8243; _builder_version=&#8221;4.16&#8243; background_color=&#8221;#7ebc42&#8243; global_colors_info=&#8221;{}&#8221;][et_pb_row column_structure=&#8221;1_2,1_2&#8243; _builder_version=&#8221;4.16&#8243; background_size=&#8221;initial&#8221; background_position=&#8221;top_left&#8221; background_repeat=&#8221;repeat&#8221; global_colors_info=&#8221;{}&#8221;][et_pb_column type=&#8221;1_2&#8243; _builder_version=&#8221;4.16&#8243; custom_padding=&#8221;|||&#8221; global_colors_info=&#8221;{}&#8221; custom_padding__hover=&#8221;|||&#8221;][et_pb_blurb title=&#8221;Vous en voulez plus ?&#8221; url=&#8221;https:\/\/molenbeek.ecolo.be\/wp-content\/uploads\/sites\/431\/2024\/10\/Priorites-Ecolo-Groen-Molenbeek-1.pdf&#8221; use_icon=&#8221;on&#8221; font_icon=&#8221;&#x69;||divi||400&#8243; admin_label=&#8221;FR-T\u00e9l\u00e9chargement&#8221; _builder_version=&#8221;4.27.0&#8243; background_color=&#8221;rgba(255,255,255,0.85)&#8221; custom_padding=&#8221;5px|5px|5px|5px&#8221; hover_enabled=&#8221;0&#8243; global_colors_info=&#8221;{}&#8221; sticky_enabled=&#8221;0&#8243;]<\/p>\n<p>T\u00e9l\u00e9chargez le document et d\u00e9couvrez nos 100 propositions pour Molenbeek juste et belle !<\/p>\n<p>[\/et_pb_blurb][\/et_pb_column][et_pb_column type=&#8221;1_2&#8243; _builder_version=&#8221;4.16&#8243; custom_padding=&#8221;|||&#8221; global_colors_info=&#8221;{}&#8221; custom_padding__hover=&#8221;|||&#8221;][et_pb_blurb title=&#8221;Wilt u meer ?&#8221; url=&#8221;https:\/\/molenbeek.ecolo.be\/wp-content\/uploads\/sites\/431\/2024\/10\/programma-ecolo-groen-molenbeek.pdf&#8221; use_icon=&#8221;on&#8221; font_icon=&#8221;&#x69;||divi||400&#8243; admin_label=&#8221;NL-T\u00e9l\u00e9chargement&#8221; _builder_version=&#8221;4.27.0&#8243; background_color=&#8221;rgba(255,255,255,0.85)&#8221; custom_padding=&#8221;5px|5px|5px|5px&#8221; hover_enabled=&#8221;0&#8243; global_colors_info=&#8221;{}&#8221; sticky_enabled=&#8221;0&#8243;][\/et_pb_blurb][\/et_pb_column][\/et_pb_row][\/et_pb_section]<\/p>\n","protected":false},"excerpt":{"rendered":"<p>1. Pour notre avenir et celui de nos enfants,&#8230;<\/p>\n","protected":false},"author":16,"featured_media":0,"parent":0,"menu_order":0,"comment_status":"closed","ping_status":"closed","template":"","meta":{"_acf_changed":false,"_et_pb_use_builder":"on","_et_pb_old_content":"","_et_gb_content_width":"","inline_featured_image":false,"footnotes":""},"class_list":["post-665","page","type-page","status-publish","hentry"],"acf":[],"_links":{"self":[{"href":"https:\/\/molenbeek.ecolo.be\/nl\/wp-json\/wp\/v2\/pages\/665","targetHints":{"allow":["GET"]}}],"collection":[{"href":"https:\/\/molenbeek.ecolo.be\/nl\/wp-json\/wp\/v2\/pages"}],"about":[{"href":"https:\/\/molenbeek.ecolo.be\/nl\/wp-json\/wp\/v2\/types\/page"}],"author":[{"embeddable":true,"href":"https:\/\/molenbeek.ecolo.be\/nl\/wp-json\/wp\/v2\/users\/16"}],"replies":[{"embeddable":true,"href":"https:\/\/molenbeek.ecolo.be\/nl\/wp-json\/wp\/v2\/comments?post=665"}],"version-history":[{"count":12,"href":"https:\/\/molenbeek.ecolo.be\/nl\/wp-json\/wp\/v2\/pages\/665\/revisions"}],"predecessor-version":[{"id":1301,"href":"https:\/\/molenbeek.ecolo.be\/nl\/wp-json\/wp\/v2\/pages\/665\/revisions\/1301"}],"wp:attachment":[{"href":"https:\/\/molenbeek.ecolo.be\/nl\/wp-json\/wp\/v2\/media?parent=665"}],"curies":[{"name":"wp","href":"https:\/\/api.w.org\/{rel}","templated":true}]}}